{"id":3362,"date":"2024-01-23T11:21:53","date_gmt":"2024-01-23T09:21:53","guid":{"rendered":"https:\/\/autocarsdomenech.cat\/politica-de-cookies\/"},"modified":"2024-04-04T15:56:40","modified_gmt":"2024-04-04T13:56:40","slug":"politica-de-cookies","status":"publish","type":"page","link":"https:\/\/autocarsdomenech.cat\/es\/politica-de-cookies\/","title":{"rendered":"Pol\u00edtica de cookies"},"content":{"rendered":"\t\t<div data-elementor-type=\"wp-post\" data-elementor-id=\"3362\" class=\"elementor elementor-3362 elementor-318\" data-elementor-post-type=\"page\">\n\t\t\t\t<div class=\"elementor-element elementor-element-d2047a0 e-flex e-con-boxed e-con e-parent\" data-id=\"d2047a0\" data-element_type=\"container\" data-settings=\"{&quot;jet_parallax_layout_list&quot;:[]}\">\n\t\t\t\t\t<div class=\"e-con-inner\">\n\t\t\t\t<div class=\"elementor-element elementor-element-d3b3b29 elementor-widget elementor-widget-heading\" data-id=\"d3b3b29\" data-element_type=\"widget\" data-widget_type=\"heading.default\">\n\t\t\t\t<div class=\"elementor-widget-container\">\n\t\t\t\t\t<h1 class=\"elementor-heading-title elementor-size-default\">Pol\u00edtica de cookies<\/h1>\t\t\t\t<\/div>\n\t\t\t\t<\/div>\n\t\t\t\t\t<\/div>\n\t\t\t\t<\/div>\n\t\t<div class=\"elementor-element elementor-element-e7c46c3 e-flex e-con-boxed e-con e-parent\" data-id=\"e7c46c3\" data-element_type=\"container\" data-settings=\"{&quot;jet_parallax_layout_list&quot;:[]}\">\n\t\t\t\t\t<div class=\"e-con-inner\">\n\t\t\t\t<div class=\"elementor-element elementor-element-0b91024 elementor-widget elementor-widget-text-editor\" data-id=\"0b91024\" data-element_type=\"widget\" data-widget_type=\"text-editor.default\">\n\t\t\t\t<div class=\"elementor-widget-container\">\n\t\t\t\t\t\t\t\t\t<h4>Informaci\u00f3n sobre cookies<\/h4>\n<p>De acuerdo con la Ley 34\/2002, de 11 de julio, de servicios de la sociedad de la informaci\u00f3n y de comercio electr\u00f3nico (LSSI), en relaci\u00f3n con el Reglamento (UE) 2016\/679 del Parlamento Europeo y de Consejo, de 27 de abril de 2016, General de Protecci\u00f3n de Datos (GDPR) y la Ley Org\u00e1nica 3\/2018, de 5 de diciembre, de Protecci\u00f3n de Datos y Garant\u00eda de los Derechos Digitales (LOPDGDD), es obligado obtener el consentimiento expreso del usuario de todas las p\u00e1ginas web que utilizan cookies prescindibles, antes de que \u00e9ste navegue por ellas.<\/p>\n<h4>\u00bfQu\u00e9 son las cookies?<\/h4>\n<p>Las cookies y otras tecnolog\u00edas similares como local shared objects, flashcookies o p\u00edxeles, son herramientas utilizadas por los servidores Web para almacenar y recuperar informaci\u00f3n sobre sus visitantes, as\u00ed como para ofrecer un correcto funcionamiento del sitio.<\/p>\n<p>Mediante el uso de estos dispositivos se permite al servidor Web recordar algunos datos referentes al usuario, como sus preferencias para la visualizaci\u00f3n de las p\u00e1ginas de ese servidor, nombre y contrase\u00f1a, productos que m\u00e1s le interesan, etc.<\/p>\n<h4>Cookies afectadas por la normativa y cookies exceptuadas<\/h4>\n<p>Seg\u00fan la directiva de la UE, las cookies que requieren el consentimiento informado por parte del usuario son las cookies anal\u00edticas y las de publicidad y afiliaci\u00f3n, quedando exceptuadas las de car\u00e1cter t\u00e9cnico y las necesarias para el funcionamiento del sitio web o la prestaci\u00f3n de servicios expresamente solicitados por el usuario.<\/p>\n<h4>Tipos de cookies<\/h4>\n<p>SEG\u00daN LA FINALIDAD<\/p>\n<ul>\n<li>Cookies t\u00e9cnicas y funcionales: son las que permiten al usuario navegar a trav\u00e9s de una p\u00e1gina web, plataforma o aplicaci\u00f3n y utilizar las distintas opciones o servicios existentes.<\/li>\n<li>Cookies de an\u00e1lisis: son las que permiten al responsable de \u00e9stas monitorizar y analizar el comportamiento de los usuarios de los sitios web a los que est\u00e1n vinculados. La informaci\u00f3n recogida mediante este tipo de cookies se utiliza en la medici\u00f3n de la actividad de los sitios web, aplicaci\u00f3n o plataforma y para elaborar perfiles de navegaci\u00f3n de los usuarios de estos sitios, aplicaciones y plataformas, para introducir mejoras en funci\u00f3n de el an\u00e1lisis de los datos de uso que realizan los usuarios del servicio.<\/li>\n<li>Cookies publicitarias: son aquellas que permiten gestionar, de la forma m\u00e1s eficaz posible, los espacios publicitarios que, en su caso, el editor haya incluido en una p\u00e1gina web, aplicaci\u00f3n o plataforma desde la que presta el servicio solicitado seg\u00fan criterios como el contenido editado o la frecuencia en la que se muestran los anuncios.<\/li>\n<li>Cookies de publicidad comportamental: recogen informaci\u00f3n sobre las preferencias y elecciones personales del usuario (retargeting) para permitir gestionar, de la forma m\u00e1s eficaz posible, los espacios publicitarios que, en su caso, el editor haya incluido en una p\u00e1gina web, aplicaci\u00f3n o plataforma desde la que presta el servicio solicitado. Cookies sociales: son aquellas que han sido instaladas por las plataformas de redes sociales en los servicios para permitirle compartir contenido con sus amigos y redes. Las plataformas de medios sociales tienen la capacidad de rastrear su actividad online fuera de los Servicios. Esto puede afectar al contenido y mensajes que ve en otros servicios que visite.<\/li>\n<li>Cookies de afiliados: permiten realizar un seguimiento de las visitas procedentes de otras webs, con las que el sitio web establece un contrato de afiliaci\u00f3n (empresas de afiliaci\u00f3n).<\/li>\n<li>Cookies de seguridad: almacenan informaci\u00f3n cifrada para evitar que los datos que se guardan sean vulnerables a ataques maliciosos de terceros.<\/li>\n<\/ul>\n<p>SEG\u00daN LA PROPIEDAD<\/p>\n<ul>\n<li>Cookies propias: son las que se env\u00edan al equipo terminal del usuario desde un equipo o dominio gestionado por el propio editor y desde el que se proporciona el servicio solicitado por el usuario.<\/li>\n<li>Cookies de terceros: son las que se env\u00edan al equipo terminal del usuario desde un equipo o dominio que no es gestionado por el editor, sino por otra entidad que trata los datos obtenidos mediante las cookies.<\/li>\n<\/ul>\n<p>SEG\u00daN EL PLAZO DE CONSERVACI\u00d3N<\/p>\n<ul>\n<li>Cookies de sesi\u00f3n: son un tipo de cookies dise\u00f1adas para obtener y almacenar datos mientras el usuario accede a una p\u00e1gina web.<\/li>\n<li>Cookies persistentes: son un tipo de cookies en las que los datos siguen almacenados en el terminal y pueden ser accedidos y tratados durante un per\u00edodo definido por el responsable de la cookie, y que durar desde unos minutos a varios a\u00f1os.<\/li>\n<\/ul>\n<p>TRATAMIENTO DE DATOS PERSONALES<\/p>\n<p>TRANSPORTS PUBLICS DEL PRIORAT I DOMENECH SLU es el Responsable del tratamiento de los datos personales del Interesado y le informa que estos datos se tratar\u00e1n de conformidad con lo establecido en el Reglamento (UE) 2016\/679, de 27 de abril de 2016 (GDPR), por la lo que se le facilita la siguiente informaci\u00f3n del tratamiento:<\/p>\n<p>Finalidades del tratamiento: seg\u00fan se especifica en el apartado de cookies que se utilizan en este sitio web.<\/p>\n<p>Legitimaci\u00f3n del tratamiento: salvo en los casos en que resulte necesario para la navegaci\u00f3n por la web, por consentimiento del interesado (art. 6.1.a GDPR).<\/p>\n<p>Criterios de conservaci\u00f3n de los datos: seg\u00fan se especifica en el apartado de cookies utilizadas en la web.<\/p>\n<p>Comunicaci\u00f3n de los datos: no se comunicar\u00e1n los datos a terceros, salvo en cookies propiedad de terceros o por obligaci\u00f3n legal.<\/p>\n<p>Derechos que tiene el Interesado:<\/p>\n<ul>\n<li>Derecho a retirar su consentimiento en cualquier momento.<\/li>\n<li>Derecho de acceso, rectificaci\u00f3n, portabilidad y supresi\u00f3n de sus datos y de limitaci\u00f3n u oposici\u00f3n a su tratamiento.<\/li>\n<li>Derecho a presentar reclamaci\u00f3n ante la Autoridad de control (www.aepd.es) si considera que el tratamiento no se ajusta a la normativa vigente.<\/li>\n<\/ul>\n<p>Datos de contacto para ejercer sus derechos:<\/p>\n<p>TRANSPORTS PUBLICS DEL PRIORAT I DOMENECH SLU. Avga. Catalunya, 56 &#8211; 43730 FALSET (Tarragona). E-mail: lopd@autocarsdomenech.cat<\/p>\n<h4>C\u00f3mo gestionar las cookies desde el navegador<\/h4>\n<p><strong>Eliminar las cookies del dispositivo<\/strong><br \/>Las cookies que ya se encuentran en un dispositivo se pueden eliminar borrando el historial del navegador, de forma que se suprimen las cookies de todos los sitios web visitados.<br \/>Sin embargo, tambi\u00e9n puede perderse parte de la informaci\u00f3n guardada (por ejemplo, los datos de inicio de sesi\u00f3n o las preferencias de sitio web).<\/p>\n<p><strong>Gestionar las cookies espec\u00edficas del sitio<\/strong> <br \/>Para tener un control m\u00e1s preciso de las cookies espec\u00edficas de cada sitio, los usuarios pueden ajustar su configuraci\u00f3n de privacidad y cookies en el navegador.<\/p>\n<p><strong>Bloquear las cookies<\/strong> <br \/>Aunque la mayor\u00eda de los navegadores modernos se pueden configurar para evitar que se instalen cookies en los dispositivos, esto puede obligar a ajustar manualmente determinadas preferencias cada vez que se visite un sitio o p\u00e1gina. Algunos servicios y caracter\u00edsticas pueden no funcionar correctamente (por ejemplo, los inicios de sesi\u00f3n con perfil).<\/p>\n<h4>C\u00f3mo eliminar las cookies de los navegadores m\u00e1s comunes<\/h4>\n<p>Chrome &#8211; <a href=\"http:\/\/support.google.com\/chrome\/answer\/95647?hl=es\" target=\"_blank\" rel=\"noopener\">http:\/\/support.google.com\/chrome\/answer\/95647?hl=es<\/a><\/p>\n<p>Edge &#8211; <a href=\"https:\/\/support.microsoft.com\/es-es\/microsoft-edge\/eliminar-las-cookies-en-microsoft-edge-63947406-40ac-c3b8-57b9-2a946a29ae09\" target=\"_blank\" rel=\"noopener\">https:\/\/support.microsoft.com\/es-es\/microsoft-edge\/eliminar-las-cookies-en-microsoft-edge-63947406-40ac-c3b8-57b9-2a946a29ae09<\/a><\/p>\n<p>Exlporer &#8211; <a href=\"https:\/\/support.microsoft.com\/es-es\/help\/278835\/how-to-delete-cookie-files-in-internet-explorer\" target=\"_blank\" rel=\"noopener\">https:\/\/support.microsoft.com\/es-es\/help\/278835\/how-to-delete-cookie-files-in-internet-explorer<\/a><\/p>\n<p>Firefox &#8211; <a href=\"https:\/\/www.mozilla.org\/es-ES\/privacy\/websites\/#cookies\" target=\"_blank\" rel=\"noopener\">https:\/\/www.mozilla.org\/es-ES\/privacy\/websites\/#cookies<\/a><\/p>\n<p>Safari &#8211; <a href=\"https:\/\/support.apple.com\/es-es\/guide\/safari\/sfri11471\/mac\" target=\"_blank\" rel=\"noopener\">https:\/\/support.apple.com\/es-es\/guide\/safari\/sfri11471\/mac<\/a><\/p>\n<p>Opera &#8211; <a href=\"https:\/\/help.opera.com\/en\/latest\/security-and-privacy\/#clearBrowsingData\" target=\"_blank\" rel=\"noopener\">https:\/\/help.opera.com\/en\/latest\/security-and-privacy\/#clearBrowsingData<\/a><\/p>\n\t\t\t\t\t\t\t\t<\/div>\n\t\t\t\t<\/div>\n\t\t\t\t\t<\/div>\n\t\t\t\t<\/div>\n\t\t\t\t<\/div>\n\t\t","protected":false},"excerpt":{"rendered":"<p>Informaci\u00f3n sobre cookies De acuerdo con la Ley 34\/2002, de 11 de julio, de servicios de la sociedad de la informaci\u00f3n y de comercio electr\u00f3nico (LSSI), en relaci\u00f3n con el Reglamento (UE) 2016\/679 del Parlamento Europeo y de Consejo, de 27 de abril de 2016, General de Protecci\u00f3n de Datos (GDPR) y la Ley Org\u00e1nica [&hellip;]<\/p>\n","protected":false},"author":1,"featured_media":0,"parent":0,"menu_order":0,"comment_status":"closed","ping_status":"closed","template":"","meta":{"footnotes":""},"class_list":["post-3362","page","type-page","status-publish","hentry"],"yoast_head":"<!-- This site is optimized with the Yoast SEO plugin v24.1 - https:\/\/yoast.com\/wordpress\/plugins\/seo\/ -->\n<title>Pol\u00edtica de cookies - Transports P\u00fablics del Priorat i Dom\u00e8nech<\/title>\n<meta name=\"robots\" content=\"index, follow, max-snippet:-1, max-image-preview:large, max-video-preview:-1\" \/>\n<link rel=\"canonical\" href=\"https:\/\/autocarsdomenech.cat\/es\/politica-de-cookies\/\" \/>\n<meta property=\"og:locale\" content=\"es_ES\" \/>\n<meta property=\"og:type\" content=\"article\" \/>\n<meta property=\"og:title\" content=\"Pol\u00edtica de cookies - Transports P\u00fablics del Priorat i Dom\u00e8nech\" \/>\n<meta property=\"og:description\" content=\"Informaci\u00f3n sobre cookies De acuerdo con la Ley 34\/2002, de 11 de julio, de servicios de la sociedad de la informaci\u00f3n y de comercio electr\u00f3nico (LSSI), en relaci\u00f3n con el Reglamento (UE) 2016\/679 del Parlamento Europeo y de Consejo, de 27 de abril de 2016, General de Protecci\u00f3n de Datos (GDPR) y la Ley Org\u00e1nica [&hellip;]\" \/>\n<meta property=\"og:url\" content=\"https:\/\/autocarsdomenech.cat\/es\/politica-de-cookies\/\" \/>\n<meta property=\"og:site_name\" content=\"Transports P\u00fablics del Priorat i Dom\u00e8nech\" \/>\n<meta property=\"article:modified_time\" content=\"2024-04-04T13:56:40+00:00\" \/>\n<meta name=\"twitter:card\" content=\"summary_large_image\" \/>\n<meta name=\"twitter:label1\" content=\"Tiempo de lectura\" \/>\n\t<meta name=\"twitter:data1\" content=\"6 minutos\" \/>\n<script type=\"application\/ld+json\" class=\"yoast-schema-graph\">{\"@context\":\"https:\/\/schema.org\",\"@graph\":[{\"@type\":\"WebPage\",\"@id\":\"https:\/\/autocarsdomenech.cat\/es\/politica-de-cookies\/\",\"url\":\"https:\/\/autocarsdomenech.cat\/es\/politica-de-cookies\/\",\"name\":\"Pol\u00edtica de cookies - Transports P\u00fablics del Priorat i Dom\u00e8nech\",\"isPartOf\":{\"@id\":\"https:\/\/autocarsdomenech.cat\/es\/#website\"},\"datePublished\":\"2024-01-23T09:21:53+00:00\",\"dateModified\":\"2024-04-04T13:56:40+00:00\",\"breadcrumb\":{\"@id\":\"https:\/\/autocarsdomenech.cat\/es\/politica-de-cookies\/#breadcrumb\"},\"inLanguage\":\"es\",\"potentialAction\":[{\"@type\":\"ReadAction\",\"target\":[\"https:\/\/autocarsdomenech.cat\/es\/politica-de-cookies\/\"]}]},{\"@type\":\"BreadcrumbList\",\"@id\":\"https:\/\/autocarsdomenech.cat\/es\/politica-de-cookies\/#breadcrumb\",\"itemListElement\":[{\"@type\":\"ListItem\",\"position\":1,\"name\":\"Inici\",\"item\":\"https:\/\/autocarsdomenech.cat\/es\/inicio\/\"},{\"@type\":\"ListItem\",\"position\":2,\"name\":\"Pol\u00edtica de cookies\"}]},{\"@type\":\"WebSite\",\"@id\":\"https:\/\/autocarsdomenech.cat\/es\/#website\",\"url\":\"https:\/\/autocarsdomenech.cat\/es\/\",\"name\":\"Transports P\u00fablics del Priorat i Dom\u00e8nech\",\"description\":\"\",\"publisher\":{\"@id\":\"https:\/\/autocarsdomenech.cat\/es\/#organization\"},\"potentialAction\":[{\"@type\":\"SearchAction\",\"target\":{\"@type\":\"EntryPoint\",\"urlTemplate\":\"https:\/\/autocarsdomenech.cat\/es\/?s={search_term_string}\"},\"query-input\":{\"@type\":\"PropertyValueSpecification\",\"valueRequired\":true,\"valueName\":\"search_term_string\"}}],\"inLanguage\":\"es\"},{\"@type\":\"Organization\",\"@id\":\"https:\/\/autocarsdomenech.cat\/es\/#organization\",\"name\":\"Transports P\u00fablics del Priorat i Dom\u00e8nech\",\"url\":\"https:\/\/autocarsdomenech.cat\/es\/\",\"logo\":{\"@type\":\"ImageObject\",\"inLanguage\":\"es\",\"@id\":\"https:\/\/autocarsdomenech.cat\/es\/#\/schema\/logo\/image\/\",\"url\":\"https:\/\/autocarsdomenech.cat\/wp-content\/uploads\/2023\/12\/LOGO-DOMENECH-AUTOCARS.png\",\"contentUrl\":\"https:\/\/autocarsdomenech.cat\/wp-content\/uploads\/2023\/12\/LOGO-DOMENECH-AUTOCARS.png\",\"width\":3426,\"height\":1060,\"caption\":\"Transports P\u00fablics del Priorat i Dom\u00e8nech\"},\"image\":{\"@id\":\"https:\/\/autocarsdomenech.cat\/es\/#\/schema\/logo\/image\/\"}}]}<\/script>\n<!-- \/ Yoast SEO plugin. -->","yoast_head_json":{"title":"Pol\u00edtica de cookies - Transports P\u00fablics del Priorat i Dom\u00e8nech","robots":{"index":"index","follow":"follow","max-snippet":"max-snippet:-1","max-image-preview":"max-image-preview:large","max-video-preview":"max-video-preview:-1"},"canonical":"https:\/\/autocarsdomenech.cat\/es\/politica-de-cookies\/","og_locale":"es_ES","og_type":"article","og_title":"Pol\u00edtica de cookies - Transports P\u00fablics del Priorat i Dom\u00e8nech","og_description":"Informaci\u00f3n sobre cookies De acuerdo con la Ley 34\/2002, de 11 de julio, de servicios de la sociedad de la informaci\u00f3n y de comercio electr\u00f3nico (LSSI), en relaci\u00f3n con el Reglamento (UE) 2016\/679 del Parlamento Europeo y de Consejo, de 27 de abril de 2016, General de Protecci\u00f3n de Datos (GDPR) y la Ley Org\u00e1nica [&hellip;]","og_url":"https:\/\/autocarsdomenech.cat\/es\/politica-de-cookies\/","og_site_name":"Transports P\u00fablics del Priorat i Dom\u00e8nech","article_modified_time":"2024-04-04T13:56:40+00:00","twitter_card":"summary_large_image","twitter_misc":{"Tiempo de lectura":"6 minutos"},"schema":{"@context":"https:\/\/schema.org","@graph":[{"@type":"WebPage","@id":"https:\/\/autocarsdomenech.cat\/es\/politica-de-cookies\/","url":"https:\/\/autocarsdomenech.cat\/es\/politica-de-cookies\/","name":"Pol\u00edtica de cookies - Transports P\u00fablics del Priorat i Dom\u00e8nech","isPartOf":{"@id":"https:\/\/autocarsdomenech.cat\/es\/#website"},"datePublished":"2024-01-23T09:21:53+00:00","dateModified":"2024-04-04T13:56:40+00:00","breadcrumb":{"@id":"https:\/\/autocarsdomenech.cat\/es\/politica-de-cookies\/#breadcrumb"},"inLanguage":"es","potentialAction":[{"@type":"ReadAction","target":["https:\/\/autocarsdomenech.cat\/es\/politica-de-cookies\/"]}]},{"@type":"BreadcrumbList","@id":"https:\/\/autocarsdomenech.cat\/es\/politica-de-cookies\/#breadcrumb","itemListElement":[{"@type":"ListItem","position":1,"name":"Inici","item":"https:\/\/autocarsdomenech.cat\/es\/inicio\/"},{"@type":"ListItem","position":2,"name":"Pol\u00edtica de cookies"}]},{"@type":"WebSite","@id":"https:\/\/autocarsdomenech.cat\/es\/#website","url":"https:\/\/autocarsdomenech.cat\/es\/","name":"Transports P\u00fablics del Priorat i Dom\u00e8nech","description":"","publisher":{"@id":"https:\/\/autocarsdomenech.cat\/es\/#organization"},"potentialAction":[{"@type":"SearchAction","target":{"@type":"EntryPoint","urlTemplate":"https:\/\/autocarsdomenech.cat\/es\/?s={search_term_string}"},"query-input":{"@type":"PropertyValueSpecification","valueRequired":true,"valueName":"search_term_string"}}],"inLanguage":"es"},{"@type":"Organization","@id":"https:\/\/autocarsdomenech.cat\/es\/#organization","name":"Transports P\u00fablics del Priorat i Dom\u00e8nech","url":"https:\/\/autocarsdomenech.cat\/es\/","logo":{"@type":"ImageObject","inLanguage":"es","@id":"https:\/\/autocarsdomenech.cat\/es\/#\/schema\/logo\/image\/","url":"https:\/\/autocarsdomenech.cat\/wp-content\/uploads\/2023\/12\/LOGO-DOMENECH-AUTOCARS.png","contentUrl":"https:\/\/autocarsdomenech.cat\/wp-content\/uploads\/2023\/12\/LOGO-DOMENECH-AUTOCARS.png","width":3426,"height":1060,"caption":"Transports P\u00fablics del Priorat i Dom\u00e8nech"},"image":{"@id":"https:\/\/autocarsdomenech.cat\/es\/#\/schema\/logo\/image\/"}}]}},"_links":{"self":[{"href":"https:\/\/autocarsdomenech.cat\/es\/wp-json\/wp\/v2\/pages\/3362","targetHints":{"allow":["GET"]}}],"collection":[{"href":"https:\/\/autocarsdomenech.cat\/es\/wp-json\/wp\/v2\/pages"}],"about":[{"href":"https:\/\/autocarsdomenech.cat\/es\/wp-json\/wp\/v2\/types\/page"}],"author":[{"embeddable":true,"href":"https:\/\/autocarsdomenech.cat\/es\/wp-json\/wp\/v2\/users\/1"}],"replies":[{"embeddable":true,"href":"https:\/\/autocarsdomenech.cat\/es\/wp-json\/wp\/v2\/comments?post=3362"}],"version-history":[{"count":1,"href":"https:\/\/autocarsdomenech.cat\/es\/wp-json\/wp\/v2\/pages\/3362\/revisions"}],"predecessor-version":[{"id":3363,"href":"https:\/\/autocarsdomenech.cat\/es\/wp-json\/wp\/v2\/pages\/3362\/revisions\/3363"}],"wp:attachment":[{"href":"https:\/\/autocarsdomenech.cat\/es\/wp-json\/wp\/v2\/media?parent=3362"}],"curies":[{"name":"wp","href":"https:\/\/api.w.org\/{rel}","templated":true}]}}